{"id":43,"date":"2017-05-03T12:09:40","date_gmt":"2017-05-03T11:09:40","guid":{"rendered":"https:\/\/anetoseguro.com\/?page_id=43"},"modified":"2022-11-02T08:03:57","modified_gmt":"2022-11-02T07:03:57","slug":"ruta-norte-portillon","status":"publish","type":"page","link":"https:\/\/anetoseguro.com\/fr\/ruta-norte-portillon\/","title":{"rendered":"Voie nord por el Portillon"},"content":{"rendered":"<p><a href=\"https:\/\/anetoseguro.com\/wp-content\/uploads\/2017\/05\/glaciar_maladeta.jpg\"><img loading=\"lazy\" decoding=\"async\" class=\"alignleft wp-image-184 size-medium\" title=\"Glaciar de la Maladeta. Monta\u00f1a Segura\" src=\"https:\/\/anetoseguro.com\/wp-content\/uploads\/2017\/05\/glaciar_maladeta-350x263.jpg\" alt=\"ruta norte-glaciar-maladeta-monta\u00f1a-segura\" width=\"350\" height=\"263\" srcset=\"https:\/\/anetoseguro.com\/wp-content\/uploads\/2017\/05\/glaciar_maladeta-350x263.jpg 350w, https:\/\/anetoseguro.com\/wp-content\/uploads\/2017\/05\/glaciar_maladeta-768x576.jpg 768w, https:\/\/anetoseguro.com\/wp-content\/uploads\/2017\/05\/glaciar_maladeta-730x548.jpg 730w, https:\/\/anetoseguro.com\/wp-content\/uploads\/2017\/05\/glaciar_maladeta-1366x1025.jpg 1366w\" sizes=\"auto, (max-width: 350px) 100vw, 350px\" \/><\/a><\/p>\n<p>L\u2019ascension classique de l\u2019Aneto par sa face nord commence \u00e0 <a href=\"https:\/\/anetoseguro.com\/aproximacion\/\"><strong>La\u00a0Besurta,<\/strong><\/a> \u00e0 1\u00a0900\u00a0m\u00e8tres d\u2019altitude. \u00c0 partir de ce point, <strong>le d\u00e9nivel\u00e9 positif est de 1\u00a0500\u00a0m\u00e8tres<\/strong> sur un terrain de haute montagne exigeant.<\/p>\n<h4>Voie Nord par le Portillon Sup\u00e9rieur<\/h4>\n<p>La voie d\u00e9bute \u00e0 <a href=\"https:\/\/goo.gl\/maps\/uC8nSaWg4kLEqmZN7\">La\u00a0Besurta<\/a>en direction du refuge de <a href=\"https:\/\/anetoseguro.com\/la-renclusa\/\"><strong>La\u00a0Renclusa<\/strong><\/a> (2\u00a0140\u00a0m), par un sentier bien d\u00e9fini et balis\u00e9 en tant que <strong>GR\u00a011.5<\/strong> (marques de peinture rouges et blanches, 50\u00a0min.). Il est conseill\u00e9 de faire l\u2019activit\u00e9 sur deux jours et de passer la nuit au <a href=\"https:\/\/www.alberguesyrefugios.com\/larenclusa\/\">refuge<\/a> afin d\u2019accoutumer le corps \u00e0 l\u2019<a href=\"https:\/\/anetoseguro.com\/mal-de-altura\/\"><strong>altitude<\/strong><\/a><strong>.<\/strong><\/p>\n<p><strong><a href=\"http:\/\/visor.montanasegura.com\/ruta\/ficha\/57\">T\u00e9l\u00e9charger le trac\u00e9 et la carte de cet itin\u00e9raire<\/a><\/strong><\/p>\n<h4>Le refuge de La Renclusa<\/h4>\n<p>De <strong>La\u00a0Renclusa<\/strong> (2\u00a0140\u00a0m) au sommet, le sentier n\u2019est pas trac\u00e9 et il faut suivre les <a href=\"https:\/\/anetoseguro.com\/progresion-y-senalizacion\/\">bornes (cairns)<\/a> guidant l\u2019ascension jusqu\u2019au <strong>Portillon inf\u00e9rieur<\/strong> (2\u00a0736\u00a0m), qu\u2019il<strong>ne faut pas franchir<\/strong> (1\u00a0h\u00a050\u00a0min.). Poursuivre sous la Cr\u00eate des Portillons jusqu\u2019au <strong>Portillon sup\u00e9rieur<\/strong> (2\u00a0895\u00a0m, 30\u00a0min.) o\u00f9 l\u2019on passe sur l\u2019autre versant en d\u00e9couvrant toute l\u2019\u00e9tendue du <a href=\"https:\/\/anetoseguro.com\/el-glaciar-del-aneto\/\"><strong>glacier d\u2019Aneto<\/strong><\/a><strong>.<\/strong><\/p>\n<p>Apr\u00e8s le <strong>Portillon sup\u00e9rieur<\/strong>, descendez quelques m\u00e8tres puis remontez \u00e0 nouveau vers le Col de Coronas. Vous rencontrerez la neige plus ou moins loin selon l\u2019\u00e9poque de l\u2019ann\u00e9e. Une fois sur la neige, \u00e9quipez-vous du <strong>piolet,des crampons et du casque<\/strong>. Une longue mont\u00e9e en diagonale sur le glacier\/n\u00e9v\u00e9 permet d\u2019atteindre les alentours du <strong>Col de Coronas<\/strong> (3208\u00a0m, 1\u00a0h\u00a020\u00a0min.). \u00c9vitez autant que possible de passer sur la glace bleu du glacier par dessous celui-ci.<\/p>\n<h4>Le glacier<\/h4>\n<p><a href=\"https:\/\/anetoseguro.com\/piolet-y-crampones\/\"><strong>Les crampons et le piolet<\/strong><\/a> sont n\u00e9cessaires toute l\u2019ann\u00e9e pour passer sur le glacier. Ne tentez pas de le traverser si vous n\u2019avez pas cet \u00e9quipement ou n\u2019avez pas appris \u00e0 vous en servir. Si vous \u00eates dans ce cas, vous pouvez recourir aux services d\u2019un <a href=\"https:\/\/anetoseguro.com\/los-guias\/\"><strong>guide professionnel<\/strong><\/a> pour l\u2019ascension.<\/p>\n<p>Une fois au <strong>Col de Coronas<\/strong>, point de confluence avec la <a href=\"https:\/\/anetoseguro.com\/ruta-sur\/\"><strong>voie sud<\/strong><\/a>, vous aurez \u00e0 franchir la partie la plus raide du glacier jusqu\u2019au pr\u00e9-sommet puis, le <strong>Pont de Mahomet<\/strong> avant d\u2019arriver au Pic d\u2019Aneto (3\u00a0404\u00a0m, 40\u00a0min.).<\/p>\n<h4>La derni\u00e8re \u00e9preuve<\/h4>\n<p><a href=\"https:\/\/anetoseguro.com\/puente-de-mahoma\/\"><strong>Le Pont de Mahomet<\/strong><\/a> est le dernier obstacle avant d\u2019arriver \u00e0 l\u2019Aneto. Il s\u2019agit d\u2019une section horizontale \u00e9troite et expos\u00e9e qui n\u00e9cessite de grimper sur des rochers. Le <strong>vide<\/strong> de chaque c\u00f4t\u00e9 de ces derniers m\u00e8tres est impressionnant et le passage est d\u00e9conseill\u00e9 en cas de vertige. Le tr\u00e8s grand nombre de personnes \u00e0 cet endroit, et la fatigue peuvent compromettre la s\u00e9curit\u00e9. Le pr\u00e9-sommet est, en soi, une grande r\u00e9compense.<\/p>\n<h4>Le retour<\/h4>\n<p>Le retour s\u2019effectue par le m\u00eame itin\u00e9raire jusqu\u2019au refuge de <strong>La\u00a0Renclusa<\/strong>, et se termine \u00e0 <strong>La\u00a0Besurta<\/strong> (3\u00a0h\u00a050\u00a0min.). Si vous n\u2019avez pas besoin de repasser par le refuge, vous pouvez descendre directement et rejoindre la <strong>Basa d\u00b4el Salterillo<\/strong> et le fond de la <strong>vall\u00e9e de Barrancs\u00a0<\/strong>(jonction avec le GR\u00a011.5) jusqu\u2019au <strong>Plan d\u00b4Aiguallut et \u00e0 La\u00a0Besurta (davantage conseill\u00e9 en \u00e9t\u00e9).<\/strong><\/p>\n<table>\n<tbody>\n<tr>\n<td><\/td>\n<td style=\"text-align: center;\">Dur\u00e9e partielle<\/td>\n<td style=\"text-align: center;\">Dur\u00e9e cumul\u00e9e<\/td>\n<td style=\"text-align: center;\">D\u00e9nivel\u00e9 partiel<\/td>\n<td style=\"text-align: center;\">D\u00e9nivel\u00e9 cumul\u00e9e<\/td>\n<td style=\"text-align: center;\">Distance partielle<\/td>\n<td style=\"text-align: center;\">Distance cumul\u00e9e<\/td>\n<\/tr>\n<tr>\n<td>La Besurta &#8211; Refuge de La Renclusa<\/td>\n<td style=\"text-align: center; vertical-align: middle;\">50 min<\/td>\n<td style=\"text-align: center; vertical-align: middle;\">50 min<\/td>\n<td style=\"text-align: center; vertical-align: middle;\">+ 240 m<\/td>\n<td style=\"text-align: center; vertical-align: middle;\">+ 240 m<\/td>\n<td style=\"text-align: center; vertical-align: middle;\">1,8 km<\/td>\n<td style=\"text-align: center; vertical-align: middle;\">1,8 km<\/td>\n<\/tr>\n<tr>\n<td>Refuge de la Renclusa &#8211; Portill\u00f3n Inferieur<\/td>\n<td style=\"vertical-align: middle; text-align: center;\">1 h 50 min<\/td>\n<td style=\"vertical-align: middle; text-align: center;\">2 h 40 min<\/td>\n<td style=\"vertical-align: middle; text-align: center;\">+ 600 m<\/td>\n<td style=\"vertical-align: middle; text-align: center;\">+ 840 m<\/td>\n<td style=\"text-align: center; vertical-align: middle;\">1,9 km<\/td>\n<td style=\"text-align: center; vertical-align: middle;\">3,7 km<\/td>\n<\/tr>\n<tr>\n<td>Portill\u00f3n Inferieur &#8211; Portill\u00f3n Superieur<\/td>\n<td style=\"text-align: center; vertical-align: middle;\">30 min<\/td>\n<td style=\"text-align: center; vertical-align: middle;\">3 h 10 min<\/td>\n<td style=\"text-align: center; vertical-align: middle;\">+ 160 m<\/td>\n<td style=\"text-align: center; vertical-align: middle;\">+ 1000 m<\/td>\n<td style=\"text-align: center; vertical-align: middle;\">0,6 km<\/td>\n<td style=\"text-align: center; vertical-align: middle;\">4,3 km<\/td>\n<\/tr>\n<tr>\n<td>Portill\u00f3n Superior &#8211; Col de Coronas<\/td>\n<td style=\"vertical-align: middle; text-align: center;\">1 h 20 min<\/td>\n<td style=\"vertical-align: middle; text-align: center;\">4 h 30 min<\/td>\n<td style=\"vertical-align: middle; text-align: center;\">+ 360 m<\/td>\n<td style=\"vertical-align: middle; text-align: center;\">+ 1360 m<\/td>\n<td style=\"text-align: center; vertical-align: middle;\">2,7 km<\/td>\n<td style=\"text-align: center; vertical-align: middle;\">7,0 km<\/td>\n<\/tr>\n<tr>\n<td style=\"text-align: left;\">Col de Coronas &#8211; Pico Aneto<\/td>\n<td style=\"text-align: center; vertical-align: middle;\">40 min<\/td>\n<td style=\"text-align: center; vertical-align: middle;\">5 h 10 min<\/td>\n<td style=\"text-align: center; vertical-align: middle;\">+ 190 m<\/td>\n<td style=\"text-align: center; vertical-align: middle;\">+ 1550 m<\/td>\n<td style=\"text-align: center; vertical-align: middle;\">0,6 km<\/td>\n<td style=\"text-align: center; vertical-align: middle;\">7,6 km<\/td>\n<\/tr>\n<tr>\n<td>Retour<\/td>\n<td style=\"text-align: center; vertical-align: middle;\">3 h 50 min<\/td>\n<td style=\"text-align: center; vertical-align: middle;\">9 h<\/td>\n<td style=\"text-align: center; vertical-align: middle;\">&#8211; 1 550 m<\/td>\n<td style=\"text-align: center; vertical-align: middle;\">0 m<\/td>\n<td style=\"text-align: center; vertical-align: middle;\">7,6 km<\/td>\n<td style=\"text-align: center; vertical-align: middle;\">15,2 km<\/td>\n<\/tr>\n<\/tbody>\n<\/table>\n<p>&nbsp;<\/p>\n<table class=\"miTabla\">\n<tbody>\n<tr>\n<td style=\"text-align: left;\"><a class=\"btn btn-default btn-lg btn-left btn-nav\" href=\"https:\/\/anetoseguro.com\/aproximacion\/\">Acc\u00e8s<\/a><\/td>\n<td style=\"text-align: right;\"><a class=\"btn btn-default btn-lg btn-right btn-nav\" href=\"https:\/\/anetoseguro.com\/vestirse\/\">S&#8217;habiller<\/a><\/p>\n<p><a class=\"btn btn-default btn-lg btn-right btn-nav\" href=\"https:\/\/anetoseguro.com\/la-renclusa\/\">La Renclusa<\/a><\/td>\n<\/tr>\n<\/tbody>\n<\/table>\n<p>&nbsp;<\/p>","protected":false},"excerpt":{"rendered":"<p>L\u2019ascension classique de l\u2019Aneto par sa face nord commence \u00e0 La\u00a0Besurta, \u00e0 1\u00a0900\u00a0m\u00e8tres d\u2019altitude. \u00c0 partir de ce point, le d\u00e9nivel\u00e9 positif est de 1\u00a0500\u00a0m\u00e8tres sur un terrain de haute montagne exigeant. Voie Nord par le Portillon Sup\u00e9rieur La voie d\u00e9bute \u00e0 La\u00a0Besurtaen direction du refuge de La\u00a0Renclusa (2\u00a0140\u00a0m), par un sentier bien d\u00e9fini et balis\u00e9 en tant que GR\u00a011.5 (marques de peinture rouges et blanches, 50\u00a0min.). Il est conseill\u00e9 de faire l\u2019activit\u00e9 sur deux jours et de passer la nuit au refuge afin d\u2019accoutumer le corps \u00e0 l\u2019altitude. T\u00e9l\u00e9charger le trac\u00e9 et la carte de cet itin\u00e9raire Le refuge &hellip;<\/p>\n","protected":false},"author":2,"featured_media":0,"parent":0,"menu_order":0,"comment_status":"closed","ping_status":"closed","template":"","meta":{"_joinchat":[],"footnotes":""},"class_list":["post-43","page","type-page","status-publish","hentry"],"_links":{"self":[{"href":"https:\/\/anetoseguro.com\/fr\/wp-json\/wp\/v2\/pages\/43","targetHints":{"allow":["GET"]}}],"collection":[{"href":"https:\/\/anetoseguro.com\/fr\/wp-json\/wp\/v2\/pages"}],"about":[{"href":"https:\/\/anetoseguro.com\/fr\/wp-json\/wp\/v2\/types\/page"}],"author":[{"embeddable":true,"href":"https:\/\/anetoseguro.com\/fr\/wp-json\/wp\/v2\/users\/2"}],"replies":[{"embeddable":true,"href":"https:\/\/anetoseguro.com\/fr\/wp-json\/wp\/v2\/comments?post=43"}],"version-history":[{"count":30,"href":"https:\/\/anetoseguro.com\/fr\/wp-json\/wp\/v2\/pages\/43\/revisions"}],"predecessor-version":[{"id":1215,"href":"https:\/\/anetoseguro.com\/fr\/wp-json\/wp\/v2\/pages\/43\/revisions\/1215"}],"wp:attachment":[{"href":"https:\/\/anetoseguro.com\/fr\/wp-json\/wp\/v2\/media?parent=43"}],"curies":[{"name":"wp","href":"https:\/\/api.w.org\/{rel}","templated":true}]}}